{"id":11,"date":"2025-04-08T18:28:18","date_gmt":"2025-04-08T21:28:18","guid":{"rendered":"https:\/\/web.defensoriarionegro.gov.ar\/?page_id=11"},"modified":"2026-02-12T09:05:39","modified_gmt":"2026-02-12T12:05:39","slug":"inicio","status":"publish","type":"page","link":"https:\/\/defensoriarionegro.gov.ar\/drn\/","title":{"rendered":"Inicio"},"content":{"rendered":"\t\t<div data-elementor-type=\"wp-page\" data-elementor-id=\"11\" class=\"elementor elementor-11\" data-elementor-post-type=\"page\">\n\t\t\t\t<div class=\"elementor-element elementor-element-e535b76 e-flex e-con-boxed elementor-invisible e-con e-parent\" data-id=\"e535b76\" data-element_type=\"container\" data-e-type=\"container\" data-settings=\"{&quot;animation&quot;:&quot;slideInUp&quot;}\">\n\t\t\t\t\t<div class=\"e-con-inner\">\n\t\t<div class=\"elementor-element elementor-element-727d86d e-con-full e-flex e-con e-child\" data-id=\"727d86d\" data-element_type=\"container\" data-e-type=\"container\">\n\t\t\t\t<div class=\"elementor-element elementor-element-d70e9a3 elementor-widget-tablet__width-initial elementor-pagination-type-bullets elementor-arrows-position-inside elementor-pagination-position-outside elementor-widget elementor-widget-loop-carousel\" data-id=\"d70e9a3\" data-element_type=\"widget\" data-e-type=\"widget\" data-settings=\"{&quot;template_id&quot;:&quot;158&quot;,&quot;slides_to_show&quot;:&quot;1&quot;,&quot;slides_to_scroll&quot;:&quot;5&quot;,&quot;slides_to_show_tablet&quot;:&quot;1&quot;,&quot;image_spacing_custom_tablet&quot;:{&quot;unit&quot;:&quot;px&quot;,&quot;size&quot;:0,&quot;sizes&quot;:[]},&quot;_skin&quot;:&quot;post&quot;,&quot;slides_to_show_mobile&quot;:&quot;1&quot;,&quot;edit_handle_selector&quot;:&quot;.elementor-loop-container&quot;,&quot;autoplay&quot;:&quot;yes&quot;,&quot;autoplay_speed&quot;:5000,&quot;pause_on_hover&quot;:&quot;yes&quot;,&quot;pause_on_interaction&quot;:&quot;yes&quot;,&quot;infinite&quot;:&quot;yes&quot;,&quot;speed&quot;:500,&quot;offset_sides&quot;:&quot;none&quot;,&quot;arrows&quot;:&quot;yes&quot;,&quot;pagination&quot;:&quot;bullets&quot;,&quot;image_spacing_custom&quot;:{&quot;unit&quot;:&quot;px&quot;,&quot;size&quot;:10,&quot;sizes&quot;:[]},&quot;image_spacing_custom_mobile&quot;:{&quot;unit&quot;:&quot;px&quot;,&quot;size&quot;:&quot;&quot;,&quot;sizes&quot;:[]}}\" data-widget_type=\"loop-carousel.post\">\n\t\t\t\t\t\t\t<div class=\"swiper elementor-loop-container elementor-grid\" role=\"list\" dir=\"ltr\">\n\t\t\t\t<div class=\"swiper-wrapper\" aria-live=\"off\">\n\t\t<style id=\"loop-dynamic-158\">.e-loop-item-13400 .elementor-element.elementor-element-60809ce:not(.elementor-motion-effects-element-type-background), .e-loop-item-13400 .elementor-element.elementor-element-60809ce > .elementor-motion-effects-container > .elementor-motion-effects-layer{background-image:url(\"https:\/\/defensoriarionegro.gov.ar\/drn\/wp-content\/uploads\/2020\/07\/salud-mental.jpg\");}<\/style><style id=\"loop-158\">.elementor-158 .elementor-element.elementor-element-60809ce{--display:flex;--min-height:320px;--flex-direction:column;--container-widget-width:100%;--container-widget-height:initial;--container-widget-flex-grow:0;--container-widget-align-self:initial;--flex-wrap-mobile:wrap;}.elementor-158 .elementor-element.elementor-element-60809ce:not(.elementor-motion-effects-element-type-background), .elementor-158 .elementor-element.elementor-element-60809ce > .elementor-motion-effects-container > .elementor-motion-effects-layer{background-position:center center;background-repeat:no-repeat;background-size:cover;}.elementor-158 .elementor-element.elementor-element-60809ce.e-con{--flex-grow:0;--flex-shrink:0;}.elementor-158 .elementor-element.elementor-element-17e02c0{--spacer-size:270px;}.elementor-158 .elementor-element.elementor-element-24501bf{--display:flex;--min-height:100px;--flex-direction:column;--container-widget-width:calc( ( 1 - var( --container-widget-flex-grow ) ) * 100% );--container-widget-height:initial;--container-widget-flex-grow:0;--container-widget-align-self:initial;--flex-wrap-mobile:wrap;--justify-content:space-around;--align-items:flex-start;--background-transition:0.9s;--overlay-opacity:0.5;}.elementor-158 .elementor-element.elementor-element-24501bf:not(.elementor-motion-effects-element-type-background), .elementor-158 .elementor-element.elementor-element-24501bf > .elementor-motion-effects-container > .elementor-motion-effects-layer{background-color:transparent;background-image:linear-gradient(180deg, #DADADAA6 0%, #BBBBBBDE 100%);}.elementor-158 .elementor-element.elementor-element-24501bf:hover{background-color:#000000AD;--overlay-opacity:0.5;}.elementor-158 .elementor-element.elementor-element-24501bf::before, .elementor-158 .elementor-element.elementor-element-24501bf > .elementor-background-video-container::before, .elementor-158 .elementor-element.elementor-element-24501bf > .e-con-inner > .elementor-background-video-container::before, .elementor-158 .elementor-element.elementor-element-24501bf > .elementor-background-slideshow::before, .elementor-158 .elementor-element.elementor-element-24501bf > .e-con-inner > .elementor-background-slideshow::before, .elementor-158 .elementor-element.elementor-element-24501bf > .elementor-motion-effects-container > .elementor-motion-effects-layer::before{--background-overlay:'';}.elementor-158 .elementor-element.elementor-element-24501bf:hover::before, .elementor-158 .elementor-element.elementor-element-24501bf:hover > .elementor-background-video-container::before, .elementor-158 .elementor-element.elementor-element-24501bf:hover > .e-con-inner > .elementor-background-video-container::before, .elementor-158 .elementor-element.elementor-element-24501bf > .elementor-background-slideshow:hover::before, .elementor-158 .elementor-element.elementor-element-24501bf > .e-con-inner > .elementor-background-slideshow:hover::before{--background-overlay:'';}.elementor-158 .elementor-element.elementor-element-a72a31d .elementor-heading-title{font-family:\"Montserrat\", Sans-serif;font-size:20px;font-weight:600;line-height:22px;color:#494949;}.elementor-158 .elementor-element.elementor-element-a72a31d .elementor-heading-title a:hover, .elementor-158 .elementor-element.elementor-element-a72a31d .elementor-heading-title a:focus{color:#F0F0F0DE;}.elementor-158 .elementor-element.elementor-element-a72a31d{margin:0% 0% calc(var(--kit-widget-spacing, 0px) + 0%) 0%;padding:20px 20px 20px 20px;background-color:transparent;background-image:linear-gradient(180deg, #DADADA57 0%, #A8AAACB0 100%);}.elementor-158 .elementor-element.elementor-element-a72a31d.elementor-element{--order:99999 \/* order end hack *\/;}.elementor-158 .elementor-element.elementor-element-a72a31d:hover{background-color:transparent;background-image:linear-gradient(180deg, #53535329 0%, #6D6D6DB0 100%);}@media(max-width:1024px){.elementor-158 .elementor-element.elementor-element-60809ce{--min-height:232px;}.elementor-158 .elementor-element.elementor-element-17e02c0{--spacer-size:198px;width:100%;max-width:100%;}.elementor-158 .elementor-element.elementor-element-17e02c0.elementor-element{--align-self:stretch;--flex-grow:1;--flex-shrink:0;}.elementor-158 .elementor-element.elementor-element-24501bf{--min-height:78px;}.elementor-158 .elementor-element.elementor-element-a72a31d .elementor-heading-title{font-size:18px;}.elementor-158 .elementor-element.elementor-element-a72a31d{padding:10px 10px 10px 10px;}}@media(min-width:768px){.elementor-158 .elementor-element.elementor-element-60809ce{--width:106.829%;}}@media(max-width:767px){.elementor-158 .elementor-element.elementor-element-60809ce{--width:100%;--min-height:50px;}.elementor-158 .elementor-element.elementor-element-17e02c0{--spacer-size:120px;}.elementor-158 .elementor-element.elementor-element-24501bf{--min-height:89px;}.elementor-158 .elementor-element.elementor-element-a72a31d{text-align:center;padding:0px 7px 0px 7px;}.elementor-158 .elementor-element.elementor-element-a72a31d .elementor-heading-title{font-size:15px;line-height:18px;}.elementor-158 .elementor-element.elementor-element-a72a31d.elementor-element{--align-self:flex-start;}}<\/style>\t\t<div data-elementor-type=\"loop-item\" data-elementor-id=\"158\" class=\"elementor elementor-158 swiper-slide e-loop-item e-loop-item-13400 post-13400 post type-post status-publish format-standard has-post-thumbnail hentry category-sin-categoria\" data-elementor-post-type=\"elementor_library\" role=\"group\" aria-roledescription=\"slide\" data-custom-edit-handle=\"1\">\n\t\t\t<div class=\"elementor-element elementor-element-60809ce e-con-full e-flex e-con e-parent\" data-id=\"60809ce\" data-element_type=\"container\" data-e-type=\"container\" data-settings=\"{&quot;background_background&quot;:&quot;classic&quot;}\">\n\t\t\t\t<div class=\"elementor-element elementor-element-17e02c0 elementor-widget-tablet__width-inherit elementor-widget elementor-widget-spacer\" data-id=\"17e02c0\" data-element_type=\"widget\" data-e-type=\"widget\" data-widget_type=\"spacer.default\">\n\t\t\t\t\t\t\t<div class=\"elementor-spacer\">\n\t\t\t<div class=\"elementor-spacer-inner\"><\/div>\n\t\t<\/div>\n\t\t\t\t\t\t<\/div>\n\t\t<div class=\"elementor-element elementor-element-24501bf e-con-full e-flex e-con e-child\" data-id=\"24501bf\" data-element_type=\"container\" data-e-type=\"container\" data-settings=\"{&quot;background_background&quot;:&quot;gradient&quot;}\">\n\t\t\t\t<div class=\"elementor-element elementor-element-a72a31d elementor-widget elementor-widget-theme-post-title elementor-page-title elementor-widget-heading\" data-id=\"a72a31d\" data-element_type=\"widget\" data-e-type=\"widget\" data-widget_type=\"theme-post-title.default\">\n\t\t\t\t\t<h2 class=\"elementor-heading-title elementor-size-default\"><a href=\"https:\/\/defensoriarionegro.gov.ar\/drn\/la-secretaria-ejecutiva-del-organo-de-salud-mental-adhiere-a-la-declaracion-de-las-autoridades-en-la-materia-a-nivel-nacional-y-reafirma-el-compromiso-de-trabajo-federal-frente-a-la-creciente-demanda\/\" target=\"_blank\">La Secretar\u00eda Ejecutiva del \u00d3rgano de Salud Mental adhiere a la declaraci\u00f3n de las autoridades en la materia a nivel nacional y reafirma el compromiso de trabajo federal frente a la creciente demanda y complejidad de las problem\u00e1ticas en el \u00e1rea.<\/a><\/h2>\t\t\t\t<\/div>\n\t\t\t\t<\/div>\n\t\t\t\t<\/div>\n\t\t\t\t<\/div>\n\t\t<style id=\"loop-dynamic-158\">.e-loop-item-13393 .elementor-element.elementor-element-60809ce:not(.elementor-motion-effects-element-type-background), .e-loop-item-13393 .elementor-element.elementor-element-60809ce > .elementor-motion-effects-container > .elementor-motion-effects-layer{background-image:url(\"https:\/\/defensoriarionegro.gov.ar\/drn\/wp-content\/uploads\/2026\/04\/ADPRA-PAMI.png\");}<\/style>\t\t<div data-elementor-type=\"loop-item\" data-elementor-id=\"158\" class=\"elementor elementor-158 swiper-slide e-loop-item e-loop-item-13393 post-13393 post type-post status-publish format-standard has-post-thumbnail hentry category-sin-categoria\" data-elementor-post-type=\"elementor_library\" role=\"group\" aria-roledescription=\"slide\" data-custom-edit-handle=\"1\">\n\t\t\t<div class=\"elementor-element elementor-element-60809ce e-con-full e-flex e-con e-parent\" data-id=\"60809ce\" data-element_type=\"container\" data-e-type=\"container\" data-settings=\"{&quot;background_background&quot;:&quot;classic&quot;}\">\n\t\t\t\t<div class=\"elementor-element elementor-element-17e02c0 elementor-widget-tablet__width-inherit elementor-widget elementor-widget-spacer\" data-id=\"17e02c0\" data-element_type=\"widget\" data-e-type=\"widget\" data-widget_type=\"spacer.default\">\n\t\t\t\t\t\t\t<div class=\"elementor-spacer\">\n\t\t\t<div class=\"elementor-spacer-inner\"><\/div>\n\t\t<\/div>\n\t\t\t\t\t\t<\/div>\n\t\t<div class=\"elementor-element elementor-element-24501bf e-con-full e-flex e-con e-child\" data-id=\"24501bf\" data-element_type=\"container\" data-e-type=\"container\" data-settings=\"{&quot;background_background&quot;:&quot;gradient&quot;}\">\n\t\t\t\t<div class=\"elementor-element elementor-element-a72a31d elementor-widget elementor-widget-theme-post-title elementor-page-title elementor-widget-heading\" data-id=\"a72a31d\" data-element_type=\"widget\" data-e-type=\"widget\" data-widget_type=\"theme-post-title.default\">\n\t\t\t\t\t<h2 class=\"elementor-heading-title elementor-size-default\"><a href=\"https:\/\/defensoriarionegro.gov.ar\/drn\/preocupacion-de-adpra-ante-la-grave-situacion-que-atraviesa-el-pami\/\" target=\"_blank\">Preocupaci\u00f3n de ADPRA ante la grave situaci\u00f3n que atraviesa el Pami.<\/a><\/h2>\t\t\t\t<\/div>\n\t\t\t\t<\/div>\n\t\t\t\t<\/div>\n\t\t\t\t<\/div>\n\t\t<style id=\"loop-dynamic-158\">.e-loop-item-13378 .elementor-element.elementor-element-60809ce:not(.elementor-motion-effects-element-type-background), .e-loop-item-13378 .elementor-element.elementor-element-60809ce > .elementor-motion-effects-container > .elementor-motion-effects-layer{background-image:url(\"https:\/\/defensoriarionegro.gov.ar\/drn\/wp-content\/uploads\/2026\/04\/sitio-2.png\");}<\/style>\t\t<div data-elementor-type=\"loop-item\" data-elementor-id=\"158\" class=\"elementor elementor-158 swiper-slide e-loop-item e-loop-item-13378 post-13378 post type-post status-publish format-standard has-post-thumbnail hentry category-sin-categoria\" data-elementor-post-type=\"elementor_library\" role=\"group\" aria-roledescription=\"slide\" data-custom-edit-handle=\"1\">\n\t\t\t<div class=\"elementor-element elementor-element-60809ce e-con-full e-flex e-con e-parent\" data-id=\"60809ce\" data-element_type=\"container\" data-e-type=\"container\" data-settings=\"{&quot;background_background&quot;:&quot;classic&quot;}\">\n\t\t\t\t<div class=\"elementor-element elementor-element-17e02c0 elementor-widget-tablet__width-inherit elementor-widget elementor-widget-spacer\" data-id=\"17e02c0\" data-element_type=\"widget\" data-e-type=\"widget\" data-widget_type=\"spacer.default\">\n\t\t\t\t\t\t\t<div class=\"elementor-spacer\">\n\t\t\t<div class=\"elementor-spacer-inner\"><\/div>\n\t\t<\/div>\n\t\t\t\t\t\t<\/div>\n\t\t<div class=\"elementor-element elementor-element-24501bf e-con-full e-flex e-con e-child\" data-id=\"24501bf\" data-element_type=\"container\" data-e-type=\"container\" data-settings=\"{&quot;background_background&quot;:&quot;gradient&quot;}\">\n\t\t\t\t<div class=\"elementor-element elementor-element-a72a31d elementor-widget elementor-widget-theme-post-title elementor-page-title elementor-widget-heading\" data-id=\"a72a31d\" data-element_type=\"widget\" data-e-type=\"widget\" data-widget_type=\"theme-post-title.default\">\n\t\t\t\t\t<h2 class=\"elementor-heading-title elementor-size-default\"><a href=\"https:\/\/defensoriarionegro.gov.ar\/drn\/la-defensoria-del-pueblo-fortalece-su-presencia-territorial-en-toda-la-provincia\/\" target=\"_blank\">La Defensor\u00eda del Pueblo fortalece su presencia territorial en toda la provincia.<\/a><\/h2>\t\t\t\t<\/div>\n\t\t\t\t<\/div>\n\t\t\t\t<\/div>\n\t\t\t\t<\/div>\n\t\t<style id=\"loop-dynamic-158\">.e-loop-item-13320 .elementor-element.elementor-element-60809ce:not(.elementor-motion-effects-element-type-background), .e-loop-item-13320 .elementor-element.elementor-element-60809ce > .elementor-motion-effects-container > .elementor-motion-effects-layer{background-image:url(\"https:\/\/defensoriarionegro.gov.ar\/drn\/wp-content\/uploads\/2026\/04\/19.png\");}<\/style>\t\t<div data-elementor-type=\"loop-item\" data-elementor-id=\"158\" class=\"elementor elementor-158 swiper-slide e-loop-item e-loop-item-13320 post-13320 post type-post status-publish format-standard has-post-thumbnail hentry category-noticias\" data-elementor-post-type=\"elementor_library\" role=\"group\" aria-roledescription=\"slide\" data-custom-edit-handle=\"1\">\n\t\t\t<div class=\"elementor-element elementor-element-60809ce e-con-full e-flex e-con e-parent\" data-id=\"60809ce\" data-element_type=\"container\" data-e-type=\"container\" data-settings=\"{&quot;background_background&quot;:&quot;classic&quot;}\">\n\t\t\t\t<div class=\"elementor-element elementor-element-17e02c0 elementor-widget-tablet__width-inherit elementor-widget elementor-widget-spacer\" data-id=\"17e02c0\" data-element_type=\"widget\" data-e-type=\"widget\" data-widget_type=\"spacer.default\">\n\t\t\t\t\t\t\t<div class=\"elementor-spacer\">\n\t\t\t<div class=\"elementor-spacer-inner\"><\/div>\n\t\t<\/div>\n\t\t\t\t\t\t<\/div>\n\t\t<div class=\"elementor-element elementor-element-24501bf e-con-full e-flex e-con e-child\" data-id=\"24501bf\" data-element_type=\"container\" data-e-type=\"container\" data-settings=\"{&quot;background_background&quot;:&quot;gradient&quot;}\">\n\t\t\t\t<div class=\"elementor-element elementor-element-a72a31d elementor-widget elementor-widget-theme-post-title elementor-page-title elementor-widget-heading\" data-id=\"a72a31d\" data-element_type=\"widget\" data-e-type=\"widget\" data-widget_type=\"theme-post-title.default\">\n\t\t\t\t\t<h2 class=\"elementor-heading-title elementor-size-default\"><a href=\"https:\/\/defensoriarionegro.gov.ar\/drn\/8-y-9-de-abril-atencion-de-reclamos-en-el-manso-y-el-bolson\/\" target=\"_blank\">8 y 9 de abril: Atenci\u00f3n de reclamos en El Manso y El Bols\u00f3n.<\/a><\/h2>\t\t\t\t<\/div>\n\t\t\t\t<\/div>\n\t\t\t\t<\/div>\n\t\t\t\t<\/div>\n\t\t<style id=\"loop-dynamic-158\">.e-loop-item-13317 .elementor-element.elementor-element-60809ce:not(.elementor-motion-effects-element-type-background), .e-loop-item-13317 .elementor-element.elementor-element-60809ce > .elementor-motion-effects-container > .elementor-motion-effects-layer{background-image:url(\"https:\/\/defensoriarionegro.gov.ar\/drn\/wp-content\/uploads\/2026\/03\/web.png\");}<\/style>\t\t<div data-elementor-type=\"loop-item\" data-elementor-id=\"158\" class=\"elementor elementor-158 swiper-slide e-loop-item e-loop-item-13317 post-13317 post type-post status-publish format-standard has-post-thumbnail hentry category-noticias tag-ambiente-y-desarrollo-sostenible\" data-elementor-post-type=\"elementor_library\" role=\"group\" aria-roledescription=\"slide\" data-custom-edit-handle=\"1\">\n\t\t\t<div class=\"elementor-element elementor-element-60809ce e-con-full e-flex e-con e-parent\" data-id=\"60809ce\" data-element_type=\"container\" data-e-type=\"container\" data-settings=\"{&quot;background_background&quot;:&quot;classic&quot;}\">\n\t\t\t\t<div class=\"elementor-element elementor-element-17e02c0 elementor-widget-tablet__width-inherit elementor-widget elementor-widget-spacer\" data-id=\"17e02c0\" data-element_type=\"widget\" data-e-type=\"widget\" data-widget_type=\"spacer.default\">\n\t\t\t\t\t\t\t<div class=\"elementor-spacer\">\n\t\t\t<div class=\"elementor-spacer-inner\"><\/div>\n\t\t<\/div>\n\t\t\t\t\t\t<\/div>\n\t\t<div class=\"elementor-element elementor-element-24501bf e-con-full e-flex e-con e-child\" data-id=\"24501bf\" data-element_type=\"container\" data-e-type=\"container\" data-settings=\"{&quot;background_background&quot;:&quot;gradient&quot;}\">\n\t\t\t\t<div class=\"elementor-element elementor-element-a72a31d elementor-widget elementor-widget-theme-post-title elementor-page-title elementor-widget-heading\" data-id=\"a72a31d\" data-element_type=\"widget\" data-e-type=\"widget\" data-widget_type=\"theme-post-title.default\">\n\t\t\t\t\t<h2 class=\"elementor-heading-title elementor-size-default\"><a href=\"https:\/\/defensoriarionegro.gov.ar\/drn\/asistimos-a-la-jornada-de-socializacion-de-los-resultados-obtenidos-en-los-muestreos-participativos-de-agua\/\" target=\"_blank\">Asistimos a la jornada de Socializaci\u00f3n de los resultados obtenidos en los Muestreos Participativos de Agua\u00a0<\/a><\/h2>\t\t\t\t<\/div>\n\t\t\t\t<\/div>\n\t\t\t\t<\/div>\n\t\t\t\t<\/div>\n\t\t\t\t<\/div>\n\t\t<\/div>\n\t\t\t\t\t<div class=\"elementor-swiper-button elementor-swiper-button-prev\" role=\"button\" tabindex=\"0\" aria-label=\"Previous\">\n\t\t\t\t<svg aria-hidden=\"true\" class=\"e-font-icon-svg e-eicon-chevron-left\" viewBox=\"0 0 1000 1000\" xmlns=\"http:\/\/www.w3.org\/2000\/svg\"><path d=\"M646 125C629 125 613 133 604 142L308 442C296 454 292 471 292 487 292 504 296 521 308 533L604 854C617 867 629 875 646 875 663 875 679 871 692 858 704 846 713 829 713 812 713 796 708 779 692 767L438 487 692 225C700 217 708 204 708 187 708 171 704 154 692 142 675 129 663 125 646 125Z\"><\/path><\/svg>\t\t\t<\/div>\n\t\t\t<div class=\"elementor-swiper-button elementor-swiper-button-next\" role=\"button\" tabindex=\"0\" aria-label=\"Next\">\n\t\t\t\t<svg aria-hidden=\"true\" class=\"e-font-icon-svg e-eicon-chevron-right\" viewBox=\"0 0 1000 1000\" xmlns=\"http:\/\/www.w3.org\/2000\/svg\"><path d=\"M696 533C708 521 713 504 713 487 713 471 708 454 696 446L400 146C388 133 375 125 354 125 338 125 325 129 313 142 300 154 292 171 292 187 292 204 296 221 308 233L563 492 304 771C292 783 288 800 288 817 288 833 296 850 308 863 321 871 338 875 354 875 371 875 388 867 400 854L696 533Z\"><\/path><\/svg>\t\t\t<\/div>\n\t\t\t\t\t<div class=\"swiper-pagination\"><\/div>\n\t\t\t\t\t\t<\/div>\n\t\t\t\t<\/div>\n\t\t<div class=\"elementor-element elementor-element-3d142b4 e-con-full e-flex e-con e-child\" data-id=\"3d142b4\" data-element_type=\"container\" data-e-type=\"container\">\n\t\t<div class=\"elementor-element elementor-element-fb2c0c4 e-con-full e-flex e-con e-child\" data-id=\"fb2c0c4\" data-element_type=\"container\" data-e-type=\"container\">\n\t\t\t\t<div class=\"elementor-element elementor-element-d8bbdc3 elementor-widget__width-inherit elementor-widget-tablet__width-initial elementor-widget elementor-widget-search\" data-id=\"d8bbdc3\" data-element_type=\"widget\" data-e-type=\"widget\" data-settings=\"{&quot;submit_trigger&quot;:&quot;click_submit&quot;,&quot;pagination_type_options&quot;:&quot;none&quot;}\" data-widget_type=\"search.default\">\n\t\t\t\t\t\t\t<search class=\"e-search hidden\" role=\"search\">\n\t\t\t<form class=\"e-search-form\" action=\"https:\/\/defensoriarionegro.gov.ar\/drn\" method=\"get\">\n\n\t\t\t\t\n\t\t\t\t<label class=\"e-search-label\" for=\"search-d8bbdc3\">\n\t\t\t\t\t<span class=\"elementor-screen-only\">\n\t\t\t\t\t\tSearch\t\t\t\t\t<\/span>\n\t\t\t\t\t\t\t\t\t<\/label>\n\n\t\t\t\t<div class=\"e-search-input-wrapper\">\n\t\t\t\t\t<input id=\"search-d8bbdc3\" placeholder=\"\u00bfQu\u00e9 necesitas buscar?\" class=\"e-search-input\" type=\"search\" name=\"s\" value=\"\" autocomplete=\"off\" role=\"combobox\" aria-autocomplete=\"list\" aria-expanded=\"false\" aria-controls=\"results-d8bbdc3\" aria-haspopup=\"listbox\">\n\t\t\t\t\t\t\t\t\t\t\t\t\t\t\t<output id=\"results-d8bbdc3\" class=\"e-search-results-container hide-loader\" aria-live=\"polite\" aria-atomic=\"true\" aria-label=\"Results for search\" tabindex=\"0\">\n\t\t\t\t\t\t<div class=\"e-search-results\"><\/div>\n\t\t\t\t\t\t\t\t\t\t\t<\/output>\n\t\t\t\t\t\t\t\t\t<\/div>\n\t\t\t\t\n\t\t\t\t\n\t\t\t\t<button class=\"e-search-submit  elementor-animation-shrink\" type=\"submit\" aria-label=\"Search\">\n\t\t\t\t\t<svg aria-hidden=\"true\" class=\"e-font-icon-svg e-fas-search\" viewBox=\"0 0 512 512\" xmlns=\"http:\/\/www.w3.org\/2000\/svg\"><path d=\"M505 442.7L405.3 343c-4.5-4.5-10.6-7-17-7H372c27.6-35.3 44-79.7 44-128C416 93.1 322.9 0 208 0S0 93.1 0 208s93.1 208 208 208c48.3 0 92.7-16.4 128-44v16.3c0 6.4 2.5 12.5 7 17l99.7 99.7c9.4 9.4 24.6 9.4 33.9 0l28.3-28.3c9.4-9.4 9.4-24.6.1-34zM208 336c-70.7 0-128-57.2-128-128 0-70.7 57.2-128 128-128 70.7 0 128 57.2 128 128 0 70.7-57.2 128-128 128z\"><\/path><\/svg>\n\t\t\t\t\t\t\t\t\t<\/button>\n\t\t\t\t<input type=\"hidden\" name=\"e_search_props\" value=\"d8bbdc3-11\">\n\t\t\t<\/form>\n\t\t<\/search>\n\t\t\t\t\t\t<\/div>\n\t\t\t\t<\/div>\n\t\t<div class=\"elementor-element elementor-element-cdef3fd e-con-full e-flex e-con e-child\" data-id=\"cdef3fd\" data-element_type=\"container\" data-e-type=\"container\" data-settings=\"{&quot;background_background&quot;:&quot;classic&quot;}\">\n\t\t\t\t<div class=\"elementor-element elementor-element-6eefb6f elementor-widget elementor-widget-heading\" data-id=\"6eefb6f\" data-element_type=\"widget\" data-e-type=\"widget\" data-widget_type=\"heading.default\">\n\t\t\t\t\t<h1 class=\"elementor-heading-title elementor-size-default\">\u00bfQuer\u00e9s hacer un reclamo o consulta?<\/h1>\t\t\t\t<\/div>\n\t\t\t\t<div class=\"elementor-element elementor-element-749723a elementor-align-center elementor-widget elementor-widget-button\" data-id=\"749723a\" data-element_type=\"widget\" data-e-type=\"widget\" data-widget_type=\"button.default\">\n\t\t\t\t\t\t\t\t\t\t<a class=\"elementor-button elementor-button-link elementor-size-sm\" href=\"https:\/\/defensoriarionegro.gov.ar\/drn\/tu-reclamo\/\">\n\t\t\t\t\t\t<span class=\"elementor-button-content-wrapper\">\n\t\t\t\t\t\t\t\t\t<span class=\"elementor-button-text\">Ingres\u00e1 aqu\u00ed<\/span>\n\t\t\t\t\t<\/span>\n\t\t\t\t\t<\/a>\n\t\t\t\t\t\t\t\t<\/div>\n\t\t\t\t<\/div>\n\t\t\t\t<\/div>\n\t\t\t\t\t<\/div>\n\t\t\t\t<\/div>\n\t\t<div class=\"elementor-element elementor-element-7e8ed1b e-con-full e-flex elementor-invisible e-con e-parent\" data-id=\"7e8ed1b\" data-element_type=\"container\" data-e-type=\"container\" data-settings=\"{&quot;animation&quot;:&quot;fadeInUp&quot;}\">\n\t\t<div class=\"elementor-element elementor-element-b2907c0 e-con-full e-flex e-con e-child\" data-id=\"b2907c0\" data-element_type=\"container\" data-e-type=\"container\">\n\t\t\t\t<div class=\"elementor-element elementor-element-c03293c elementor-view-stacked elementor-shape-circle elementor-widget elementor-widget-icon\" data-id=\"c03293c\" data-element_type=\"widget\" data-e-type=\"widget\" data-widget_type=\"icon.default\">\n\t\t\t\t\t\t\t<div class=\"elementor-icon-wrapper\">\n\t\t\t<a class=\"elementor-icon elementor-animation-grow\" href=\"https:\/\/defensoriarionegro.gov.ar\/drn\/preguntas-frecuentes\/\">\n\t\t\t<svg aria-hidden=\"true\" class=\"e-font-icon-svg e-fas-question\" viewBox=\"0 0 384 512\" xmlns=\"http:\/\/www.w3.org\/2000\/svg\"><path d=\"M202.021 0C122.202 0 70.503 32.703 29.914 91.026c-7.363 10.58-5.093 25.086 5.178 32.874l43.138 32.709c10.373 7.865 25.132 6.026 33.253-4.148 25.049-31.381 43.63-49.449 82.757-49.449 30.764 0 68.816 19.799 68.816 49.631 0 22.552-18.617 34.134-48.993 51.164-35.423 19.86-82.299 44.576-82.299 106.405V320c0 13.255 10.745 24 24 24h72.471c13.255 0 24-10.745 24-24v-5.773c0-42.86 125.268-44.645 125.268-160.627C377.504 66.256 286.902 0 202.021 0zM192 373.459c-38.196 0-69.271 31.075-69.271 69.271 0 38.195 31.075 69.27 69.271 69.27s69.271-31.075 69.271-69.271-31.075-69.27-69.271-69.27z\"><\/path><\/svg>\t\t\t<\/a>\n\t\t<\/div>\n\t\t\t\t\t\t<\/div>\n\t\t\t\t<div class=\"elementor-element elementor-element-589cd81 elementor-widget elementor-widget-heading\" data-id=\"589cd81\" data-element_type=\"widget\" data-e-type=\"widget\" data-widget_type=\"heading.default\">\n\t\t\t\t\t<h2 class=\"elementor-heading-title elementor-size-default\"><a href=\"https:\/\/defensoriarionegro.gov.ar\/drn\/preguntas-frecuentes\/\">\u00bfC\u00f3mo hacer un reclamo?<\/a><\/h2>\t\t\t\t<\/div>\n\t\t\t\t<\/div>\n\t\t<div class=\"elementor-element elementor-element-5a69ba2 e-con-full e-flex e-con e-child\" data-id=\"5a69ba2\" data-element_type=\"container\" data-e-type=\"container\">\n\t\t\t\t<div class=\"elementor-element elementor-element-4e269e6 elementor-view-stacked elementor-shape-circle elementor-widget elementor-widget-icon\" data-id=\"4e269e6\" data-element_type=\"widget\" data-e-type=\"widget\" data-widget_type=\"icon.default\">\n\t\t\t\t\t\t\t<div class=\"elementor-icon-wrapper\">\n\t\t\t<a class=\"elementor-icon elementor-animation-grow\" href=\"https:\/\/defensoriarionegro.gov.ar\/drn\/areas-tematicas\/\">\n\t\t\t<svg aria-hidden=\"true\" class=\"e-font-icon-svg e-far-folder-open\" viewBox=\"0 0 576 512\" xmlns=\"http:\/\/www.w3.org\/2000\/svg\"><path d=\"M527.9 224H480v-48c0-26.5-21.5-48-48-48H272l-64-64H48C21.5 64 0 85.5 0 112v288c0 26.5 21.5 48 48 48h400c16.5 0 31.9-8.5 40.7-22.6l79.9-128c20-31.9-3-73.4-40.7-73.4zM48 118c0-3.3 2.7-6 6-6h134.1l64 64H426c3.3 0 6 2.7 6 6v42H152c-16.8 0-32.4 8.8-41.1 23.2L48 351.4zm400 282H72l77.2-128H528z\"><\/path><\/svg>\t\t\t<\/a>\n\t\t<\/div>\n\t\t\t\t\t\t<\/div>\n\t\t\t\t<div class=\"elementor-element elementor-element-adcee12 elementor-widget elementor-widget-heading\" data-id=\"adcee12\" data-element_type=\"widget\" data-e-type=\"widget\" data-widget_type=\"heading.default\">\n\t\t\t\t\t<h2 class=\"elementor-heading-title elementor-size-default\"><a href=\"https:\/\/defensoriarionegro.gov.ar\/drn\/areas-tematicas\/\">\u00c1reas tem\u00e1ticas<\/a><\/h2>\t\t\t\t<\/div>\n\t\t\t\t<\/div>\n\t\t<div class=\"elementor-element elementor-element-dbfb7a4 e-con-full e-flex e-con e-child\" data-id=\"dbfb7a4\" data-element_type=\"container\" data-e-type=\"container\">\n\t\t\t\t<div class=\"elementor-element elementor-element-c183ed7 elementor-view-stacked elementor-shape-circle elementor-widget elementor-widget-icon\" data-id=\"c183ed7\" data-element_type=\"widget\" data-e-type=\"widget\" data-widget_type=\"icon.default\">\n\t\t\t\t\t\t\t<div class=\"elementor-icon-wrapper\">\n\t\t\t<a class=\"elementor-icon elementor-animation-grow\" href=\"https:\/\/defensoriarionegro.gov.ar\/drn\/organo-de-revision-de-salud-mental\/\">\n\t\t\t<svg xmlns=\"http:\/\/www.w3.org\/2000\/svg\" viewBox=\"0 0 316.75 323.25\"><title>orsm-b<\/title><g id=\"Capa_2\" data-name=\"Capa 2\"><g id=\"Capa_1-2\" data-name=\"Capa 1\"><path d=\"M42.45,140.52A72.35,72.35,0,0,1,14,113.64Q3.74,96.53,3.74,75.14T14,36.63A72.4,72.4,0,0,1,42.45,9.76Q60.62,0,83.23,0t40.69,9.76a72.64,72.64,0,0,1,38.81,65.38,72.67,72.67,0,0,1-38.81,65.38q-18.06,9.76-40.69,9.76T42.45,140.52Zm64-24.8a42.59,42.59,0,0,0,16.3-16.5,48.57,48.57,0,0,0,5.91-24.08,48.55,48.55,0,0,0-5.91-24.08,42.45,42.45,0,0,0-16.3-16.5,46,46,0,0,0-23.25-5.92A46,46,0,0,0,60,34.56,42.36,42.36,0,0,0,43.7,51.06a48.45,48.45,0,0,0-5.92,24.08A48.47,48.47,0,0,0,43.7,99.22,42.49,42.49,0,0,0,60,115.72a46.09,46.09,0,0,0,23.24,5.91A46.13,46.13,0,0,0,106.48,115.72Z\" style=\"fill:#fff\"><\/path><path d=\"M280.63,147.79l-28-40.48H221.68v40.48H188.06V2.49H251q19.31,0,33.52,6.44t21.9,18.26q7.68,11.83,7.68,28t-7.78,27.92q-7.78,11.73-22.11,18l32.59,46.7ZM272.12,36.43q-7.89-6.54-23-6.54h-27.4V80.54h27.4q15.15,0,23-6.65T280,55.21Q280,43,272.12,36.43Z\" style=\"fill:#fff\"><\/path><path d=\"M25.84,318.58Q9.76,313.92,0,306.44l11.42-25.32a77.6,77.6,0,0,0,22.21,11,83.31,83.31,0,0,0,25.74,4.15q14.31,0,21.17-4.26t6.85-11.31a10.8,10.8,0,0,0-4-8.61A30.53,30.53,0,0,0,73,266.59q-6.33-2.08-17.12-4.57a236.45,236.45,0,0,1-27.2-7.89,44.14,44.14,0,0,1-18.16-12.66q-7.58-8.72-7.57-23.25a40.43,40.43,0,0,1,6.85-22.94Q16.6,185,30.41,179t33.73-6a111.9,111.9,0,0,1,27.19,3.32,80.6,80.6,0,0,1,23.25,9.55L104.2,211.37Q84.07,200,63.93,200q-14.11,0-20.86,4.56t-6.74,12q0,7.47,7.78,11.11t23.77,7.16a237.41,237.41,0,0,1,27.19,7.89,45,45,0,0,1,18.16,12.45q7.58,8.52,7.58,23a39.66,39.66,0,0,1-7,22.73q-7,10.28-20.86,16.29t-33.83,6A118.69,118.69,0,0,1,25.84,318.58Z\" style=\"fill:#fff\"><\/path><path d=\"M276.06,320.76l-.21-87.18L233.1,305.4H217.94l-42.55-69.95v85.31H143.84V175.46h27.82L226,265.75l53.55-90.29H307.2l.41,145.3Z\" style=\"fill:#fff\"><\/path><\/g><\/g><\/svg>\t\t\t<\/a>\n\t\t<\/div>\n\t\t\t\t\t\t<\/div>\n\t\t\t\t<div class=\"elementor-element elementor-element-8eab65e elementor-widget elementor-widget-heading\" data-id=\"8eab65e\" data-element_type=\"widget\" data-e-type=\"widget\" data-widget_type=\"heading.default\">\n\t\t\t\t\t<h2 class=\"elementor-heading-title elementor-size-default\"><a href=\"https:\/\/defensoriarionegro.gov.ar\/drn\/organo-de-revision-de-salud-mental\/\">\u00d3rgano de Revisi\u00f3n de Salud Mental<\/a><\/h2>\t\t\t\t<\/div>\n\t\t\t\t<\/div>\n\t\t<div class=\"elementor-element elementor-element-9e2de27 e-con-full e-flex e-con e-child\" data-id=\"9e2de27\" data-element_type=\"container\" data-e-type=\"container\">\n\t\t\t\t<div class=\"elementor-element elementor-element-a6e7abd elementor-view-stacked elementor-shape-circle elementor-widget elementor-widget-icon\" data-id=\"a6e7abd\" data-element_type=\"widget\" data-e-type=\"widget\" data-widget_type=\"icon.default\">\n\t\t\t\t\t\t\t<div class=\"elementor-icon-wrapper\">\n\t\t\t<a class=\"elementor-icon elementor-animation-grow\" href=\"https:\/\/defensoriarionegro.gov.ar\/drn\/centro-de-mediacion-ciudadana\/\">\n\t\t\t<svg aria-hidden=\"true\" class=\"e-font-icon-svg e-fas-users\" viewBox=\"0 0 640 512\" xmlns=\"http:\/\/www.w3.org\/2000\/svg\"><path d=\"M96 224c35.3 0 64-28.7 64-64s-28.7-64-64-64-64 28.7-64 64 28.7 64 64 64zm448 0c35.3 0 64-28.7 64-64s-28.7-64-64-64-64 28.7-64 64 28.7 64 64 64zm32 32h-64c-17.6 0-33.5 7.1-45.1 18.6 40.3 22.1 68.9 62 75.1 109.4h66c17.7 0 32-14.3 32-32v-32c0-35.3-28.7-64-64-64zm-256 0c61.9 0 112-50.1 112-112S381.9 32 320 32 208 82.1 208 144s50.1 112 112 112zm76.8 32h-8.3c-20.8 10-43.9 16-68.5 16s-47.6-6-68.5-16h-8.3C179.6 288 128 339.6 128 403.2V432c0 26.5 21.5 48 48 48h288c26.5 0 48-21.5 48-48v-28.8c0-63.6-51.6-115.2-115.2-115.2zm-223.7-13.4C161.5 263.1 145.6 256 128 256H64c-35.3 0-64 28.7-64 64v32c0 17.7 14.3 32 32 32h65.9c6.3-47.4 34.9-87.3 75.2-109.4z\"><\/path><\/svg>\t\t\t<\/a>\n\t\t<\/div>\n\t\t\t\t\t\t<\/div>\n\t\t\t\t<div class=\"elementor-element elementor-element-6b868cd elementor-widget elementor-widget-heading\" data-id=\"6b868cd\" data-element_type=\"widget\" data-e-type=\"widget\" data-widget_type=\"heading.default\">\n\t\t\t\t\t<h2 class=\"elementor-heading-title elementor-size-default\"><a href=\"https:\/\/defensoriarionegro.gov.ar\/drn\/centro-de-mediacion-ciudadana\/\">Centro de Mediaci\u00f3n Ciudadana<\/a><\/h2>\t\t\t\t<\/div>\n\t\t\t\t<\/div>\n\t\t\t\t<\/div>\n\t\t<div class=\"elementor-element elementor-element-5cec824 e-con-full e-flex elementor-invisible e-con e-parent\" data-id=\"5cec824\" data-element_type=\"container\" data-e-type=\"container\" data-settings=\"{&quot;animation&quot;:&quot;fadeInUp&quot;}\">\n\t\t<div class=\"elementor-element elementor-element-9b8835f e-con-full e-flex e-con e-child\" data-id=\"9b8835f\" data-element_type=\"container\" data-e-type=\"container\">\n\t\t\t\t<div class=\"elementor-element elementor-element-0e4f684 elementor-widget__width-initial elementor--h-position-center elementor--v-position-middle elementor-arrows-position-inside elementor-pagination-position-inside elementor-widget elementor-widget-slides\" data-id=\"0e4f684\" data-element_type=\"widget\" data-e-type=\"widget\" data-settings=\"{&quot;navigation&quot;:&quot;both&quot;,&quot;autoplay&quot;:&quot;yes&quot;,&quot;pause_on_hover&quot;:&quot;yes&quot;,&quot;pause_on_interaction&quot;:&quot;yes&quot;,&quot;autoplay_speed&quot;:5000,&quot;infinite&quot;:&quot;yes&quot;,&quot;transition&quot;:&quot;slide&quot;,&quot;transition_speed&quot;:500}\" data-widget_type=\"slides.default\">\n\t\t\t\t\t\t\t\t\t\t<div class=\"elementor-slides-wrapper elementor-main-swiper swiper\" role=\"region\" aria-roledescription=\"carousel\" aria-label=\"Slides\" dir=\"ltr\" data-animation=\"fadeInUp\">\n\t\t\t\t<div class=\"swiper-wrapper elementor-slides\">\n\t\t\t\t\t\t\t\t\t\t<div class=\"elementor-repeater-item-9a86ed7 swiper-slide\" role=\"group\" aria-roledescription=\"slide\"><div class=\"swiper-slide-bg\" role=\"img\" aria-label=\"Portada - web\"><\/div><div class=\"swiper-slide-inner\" ><div class=\"swiper-slide-contents\"><h3 class=\"elementor-slide-heading\">30 a\u00f1os en defensa de los Derechos Humanos<\/h3><h3 class=\"elementor-slide-description\">Aniversario de la Defensor\u00eda del Pueblo<\/h3><\/div><\/div><\/div>\t\t\t\t<\/div>\n\t\t\t\t\t\t\t<\/div>\n\t\t\t\t\t\t\t\t<\/div>\n\t\t\t\t<\/div>\n\t\t\t\t<\/div>\n\t\t<div class=\"elementor-element elementor-element-014ed31 e-flex e-con-boxed elementor-invisible e-con e-parent\" data-id=\"014ed31\" data-element_type=\"container\" data-e-type=\"container\" data-settings=\"{&quot;animation&quot;:&quot;fadeIn&quot;}\">\n\t\t\t\t\t<div class=\"e-con-inner\">\n\t\t\t\t<div class=\"elementor-element elementor-element-ae7377f elementor-widget elementor-widget-heading\" data-id=\"ae7377f\" data-element_type=\"widget\" data-e-type=\"widget\" data-widget_type=\"heading.default\">\n\t\t\t\t\t<h2 class=\"elementor-heading-title elementor-size-default\">Informate y realiz\u00e1 tu consulta<\/h2>\t\t\t\t<\/div>\n\t\t\t\t<div class=\"elementor-element elementor-element-ee01ba8 elementor-widget elementor-widget-heading\" data-id=\"ee01ba8\" data-element_type=\"widget\" data-e-type=\"widget\" data-widget_type=\"heading.default\">\n\t\t\t\t\t<h1 class=\"elementor-heading-title elementor-size-default\">Pod\u00e9s hacer valer\ntus derechos<\/h1>\t\t\t\t<\/div>\n\t\t\t\t\t<\/div>\n\t\t\t\t<\/div>\n\t\t<div class=\"elementor-element elementor-element-f438414 e-flex e-con-boxed elementor-invisible e-con e-parent\" data-id=\"f438414\" data-element_type=\"container\" data-e-type=\"container\" data-settings=\"{&quot;animation&quot;:&quot;fadeInUp&quot;}\">\n\t\t\t\t\t<div class=\"e-con-inner\">\n\t\t\t\t<div class=\"elementor-element elementor-element-9eb9cb8 elementor-cta--skin-cover elementor-cta--valign-middle elementor-widget__width-initial elementor-animated-content elementor-bg-transform elementor-bg-transform-zoom-in elementor-widget elementor-widget-call-to-action\" data-id=\"9eb9cb8\" data-element_type=\"widget\" data-e-type=\"widget\" data-settings=\"{&quot;_animation&quot;:&quot;none&quot;}\" data-widget_type=\"call-to-action.default\">\n\t\t\t\t\t\t\t<a class=\"elementor-cta\" href=\"https:\/\/defensoriarionegro.gov.ar\/drn\/tematicas\/discapacidad\/pensiones-por-invalidez-laboral\/\">\n\t\t\t\t\t<div class=\"elementor-cta__bg-wrapper\">\n\t\t\t\t<div class=\"elementor-cta__bg elementor-bg\" style=\"background-image: url(https:\/\/defensoriarionegro.gov.ar\/drn\/wp-content\/uploads\/2025\/09\/fondo-degrade-av.png);\" role=\"img\" aria-label=\"fondo-degrade-av\"><\/div>\n\t\t\t\t<div class=\"elementor-cta__bg-overlay\"><\/div>\n\t\t\t<\/div>\n\t\t\t\t\t\t\t<div class=\"elementor-cta__content\">\n\t\t\t\t\n\t\t\t\t\t\t\t\t\t<h2 class=\"elementor-cta__title elementor-cta__content-item elementor-content-item elementor-animated-item--grow\">\n\t\t\t\t\t\tPensiones por Invalidez Laboral\t\t\t\t\t<\/h2>\n\t\t\t\t\n\t\t\t\t\t\t\t\t\t<div class=\"elementor-cta__description elementor-cta__content-item elementor-content-item elementor-animated-item--grow\">\n\t\t\t\t\t\tNovedades\t\t\t\t\t<\/div>\n\t\t\t\t\n\t\t\t\t\t\t\t<\/div>\n\t\t\t\t\t\t<\/a>\n\t\t\t\t\t\t<\/div>\n\t\t\t\t<div class=\"elementor-element elementor-element-020d927 elementor-cta--skin-cover elementor-cta--valign-middle elementor-widget__width-initial elementor-animated-content elementor-bg-transform elementor-bg-transform-zoom-in elementor-widget elementor-widget-call-to-action\" data-id=\"020d927\" data-element_type=\"widget\" data-e-type=\"widget\" data-settings=\"{&quot;motion_fx_motion_fx_scrolling&quot;:&quot;yes&quot;,&quot;motion_fx_devices&quot;:[&quot;desktop&quot;,&quot;tablet&quot;,&quot;mobile&quot;]}\" data-widget_type=\"call-to-action.default\">\n\t\t\t\t\t\t\t<a class=\"elementor-cta\" href=\"https:\/\/defensoriarionegro.gov.ar\/drn\/tematicas\/informacion-sobre-radares\/\">\n\t\t\t\t\t<div class=\"elementor-cta__bg-wrapper\">\n\t\t\t\t<div class=\"elementor-cta__bg elementor-bg\" style=\"background-image: url(https:\/\/defensoriarionegro.gov.ar\/drn\/wp-content\/uploads\/2025\/08\/fondo-gris.png);\" role=\"img\" aria-label=\"fondo-gris\"><\/div>\n\t\t\t\t<div class=\"elementor-cta__bg-overlay\"><\/div>\n\t\t\t<\/div>\n\t\t\t\t\t\t\t<div class=\"elementor-cta__content\">\n\t\t\t\t\n\t\t\t\t\t\t\t\t\t<h2 class=\"elementor-cta__title elementor-cta__content-item elementor-content-item elementor-animated-item--grow\">\n\t\t\t\t\t\tInfracciones con radares\t\t\t\t\t<\/h2>\n\t\t\t\t\n\t\t\t\t\t\t\t\t\t<div class=\"elementor-cta__description elementor-cta__content-item elementor-content-item elementor-animated-item--grow\">\n\t\t\t\t\t\tInformaci\u00f3n\t\t\t\t\t<\/div>\n\t\t\t\t\n\t\t\t\t\t\t\t<\/div>\n\t\t\t\t\t\t<\/a>\n\t\t\t\t\t\t<\/div>\n\t\t\t\t<div class=\"elementor-element elementor-element-a5bb7b8 elementor-cta--skin-cover elementor-cta--valign-middle elementor-widget__width-initial elementor-animated-content elementor-bg-transform elementor-bg-transform-zoom-in elementor-widget elementor-widget-call-to-action\" data-id=\"a5bb7b8\" data-element_type=\"widget\" data-e-type=\"widget\" data-widget_type=\"call-to-action.default\">\n\t\t\t\t\t\t\t<a class=\"elementor-cta\" href=\"https:\/\/defensoriarionegro.gov.ar\/drn\/tematicas\/estafas\/\">\n\t\t\t\t\t<div class=\"elementor-cta__bg-wrapper\">\n\t\t\t\t<div class=\"elementor-cta__bg elementor-bg\" style=\"background-image: url(https:\/\/defensoriarionegro.gov.ar\/drn\/wp-content\/uploads\/2025\/08\/fondo-agua.png);\" role=\"img\" aria-label=\"fondo-agua\"><\/div>\n\t\t\t\t<div class=\"elementor-cta__bg-overlay\"><\/div>\n\t\t\t<\/div>\n\t\t\t\t\t\t\t<div class=\"elementor-cta__content\">\n\t\t\t\t\n\t\t\t\t\t\t\t\t\t<h2 class=\"elementor-cta__title elementor-cta__content-item elementor-content-item elementor-animated-item--grow\">\n\t\t\t\t\t\tEstafas\t\t\t\t\t<\/h2>\n\t\t\t\t\n\t\t\t\t\t\t\t\t\t<div class=\"elementor-cta__description elementor-cta__content-item elementor-content-item elementor-animated-item--grow\">\n\t\t\t\t\t\tC\u00f3mo prevenirlas\t\t\t\t\t<\/div>\n\t\t\t\t\n\t\t\t\t\t\t\t<\/div>\n\t\t\t\t\t\t<\/a>\n\t\t\t\t\t\t<\/div>\n\t\t\t\t\t<\/div>\n\t\t\t\t<\/div>\n\t\t<div class=\"elementor-element elementor-element-44f83b2 e-flex e-con-boxed elementor-invisible e-con e-parent\" data-id=\"44f83b2\" data-element_type=\"container\" data-e-type=\"container\" data-settings=\"{&quot;background_background&quot;:&quot;classic&quot;,&quot;animation&quot;:&quot;fadeIn&quot;}\">\n\t\t\t\t\t<div class=\"e-con-inner\">\n\t\t\t\t<div class=\"elementor-element elementor-element-59e2604 elementor-widget elementor-widget-heading\" data-id=\"59e2604\" data-element_type=\"widget\" data-e-type=\"widget\" data-widget_type=\"heading.default\">\n\t\t\t\t\t<h3 class=\"elementor-heading-title elementor-size-default\">Conoc\u00e9 las tem\u00e1ticas<\/h3>\t\t\t\t<\/div>\n\t\t\t\t<div class=\"elementor-element elementor-element-a28e45f elementor-widget elementor-widget-heading\" data-id=\"a28e45f\" data-element_type=\"widget\" data-e-type=\"widget\" data-widget_type=\"heading.default\">\n\t\t\t\t\t<h1 class=\"elementor-heading-title elementor-size-default\">En qu\u00e9 te podemos ayudar<\/h1>\t\t\t\t<\/div>\n\t\t\t\t\t<\/div>\n\t\t\t\t<\/div>\n\t\t<div class=\"elementor-element elementor-element-36d5632 e-flex e-con-boxed elementor-invisible e-con e-parent\" data-id=\"36d5632\" data-element_type=\"container\" data-e-type=\"container\" data-settings=\"{&quot;background_background&quot;:&quot;classic&quot;,&quot;animation&quot;:&quot;fadeIn&quot;}\">\n\t\t\t\t\t<div class=\"e-con-inner\">\n\t\t\t\t<div class=\"elementor-element elementor-element-c958270 elementor-widget elementor-widget-template\" data-id=\"c958270\" data-element_type=\"widget\" data-e-type=\"widget\" data-widget_type=\"template.default\">\n\t\t\t\t<div class=\"elementor-widget-container\">\n\t\t\t\t\t\t\t<div class=\"elementor-template\">\n\t\t\t\t\t<div data-elementor-type=\"page\" data-elementor-id=\"236\" class=\"elementor elementor-236\" data-elementor-post-type=\"elementor_library\">\n\t\t\t\t<div class=\"elementor-element elementor-element-211cf531 e-flex e-con-boxed e-con e-parent\" data-id=\"211cf531\" data-element_type=\"container\" data-e-type=\"container\">\n\t\t\t\t\t<div class=\"e-con-inner\">\n\t\t<div class=\"elementor-element elementor-element-5bf2efcc e-con-full e-flex e-con e-child\" data-id=\"5bf2efcc\" data-element_type=\"container\" data-e-type=\"container\">\n\t\t\t\t<div class=\"elementor-element elementor-element-723c1fe6 elementor-button-info elementor-align-justify elementor-widget elementor-widget-button\" data-id=\"723c1fe6\" data-element_type=\"widget\" data-e-type=\"widget\" data-widget_type=\"button.default\">\n\t\t\t\t\t\t\t\t\t\t<a class=\"elementor-button elementor-button-link elementor-size-sm elementor-animation-grow\" href=\"https:\/\/defensoriarionegro.gov.ar\/drn\/tematicas\/salud\/\">\n\t\t\t\t\t\t<span class=\"elementor-button-content-wrapper\">\n\t\t\t\t\t\t\t\t\t<span class=\"elementor-button-text\">Salud<\/span>\n\t\t\t\t\t<\/span>\n\t\t\t\t\t<\/a>\n\t\t\t\t\t\t\t\t<\/div>\n\t\t\t\t<div class=\"elementor-element elementor-element-f699bea elementor-button-info elementor-align-justify elementor-widget elementor-widget-button\" data-id=\"f699bea\" data-element_type=\"widget\" data-e-type=\"widget\" data-widget_type=\"button.default\">\n\t\t\t\t\t\t\t\t\t\t<a class=\"elementor-button elementor-button-link elementor-size-sm elementor-animation-grow\" href=\"https:\/\/defensoriarionegro.gov.ar\/drn\/tematicas\/ninez-adolescencia-y-familia\/\">\n\t\t\t\t\t\t<span class=\"elementor-button-content-wrapper\">\n\t\t\t\t\t\t\t\t\t<span class=\"elementor-button-text\">Ni\u00f1ez, adolescencia y familia<\/span>\n\t\t\t\t\t<\/span>\n\t\t\t\t\t<\/a>\n\t\t\t\t\t\t\t\t<\/div>\n\t\t\t\t<div class=\"elementor-element elementor-element-58ea9fe6 elementor-button-info elementor-align-justify elementor-widget elementor-widget-button\" data-id=\"58ea9fe6\" data-element_type=\"widget\" data-e-type=\"widget\" data-widget_type=\"button.default\">\n\t\t\t\t\t\t\t\t\t\t<a class=\"elementor-button elementor-button-link elementor-size-sm elementor-animation-grow\" href=\"https:\/\/defensoriarionegro.gov.ar\/drn\/tematicas\/servicios-publicos\/\">\n\t\t\t\t\t\t<span class=\"elementor-button-content-wrapper\">\n\t\t\t\t\t\t\t\t\t<span class=\"elementor-button-text\">Servicios p\u00fablicos<\/span>\n\t\t\t\t\t<\/span>\n\t\t\t\t\t<\/a>\n\t\t\t\t\t\t\t\t<\/div>\n\t\t\t\t<div class=\"elementor-element elementor-element-19e12bfe elementor-button-info elementor-align-justify elementor-widget elementor-widget-button\" data-id=\"19e12bfe\" data-element_type=\"widget\" data-e-type=\"widget\" data-widget_type=\"button.default\">\n\t\t\t\t\t\t\t\t\t\t<a class=\"elementor-button elementor-button-link elementor-size-sm elementor-animation-grow\" href=\"https:\/\/defensoriarionegro.gov.ar\/drn\/tematicas\/trabajo-y-relaciones-laborales\/\">\n\t\t\t\t\t\t<span class=\"elementor-button-content-wrapper\">\n\t\t\t\t\t\t\t\t\t<span class=\"elementor-button-text\">Trabajo<\/span>\n\t\t\t\t\t<\/span>\n\t\t\t\t\t<\/a>\n\t\t\t\t\t\t\t\t<\/div>\n\t\t\t\t<div class=\"elementor-element elementor-element-7233a8ef elementor-button-info elementor-align-justify elementor-widget elementor-widget-button\" data-id=\"7233a8ef\" data-element_type=\"widget\" data-e-type=\"widget\" data-widget_type=\"button.default\">\n\t\t\t\t\t\t\t\t\t\t<a class=\"elementor-button elementor-button-link elementor-size-sm elementor-animation-grow\" href=\"https:\/\/defensoriarionegro.gov.ar\/drn\/tematicas\/turismo-y-cultura\/\">\n\t\t\t\t\t\t<span class=\"elementor-button-content-wrapper\">\n\t\t\t\t\t\t\t\t\t<span class=\"elementor-button-text\">Turismo y cultura<\/span>\n\t\t\t\t\t<\/span>\n\t\t\t\t\t<\/a>\n\t\t\t\t\t\t\t\t<\/div>\n\t\t\t\t<div class=\"elementor-element elementor-element-49286510 elementor-button-info elementor-align-justify elementor-widget elementor-widget-button\" data-id=\"49286510\" data-element_type=\"widget\" data-e-type=\"widget\" data-widget_type=\"button.default\">\n\t\t\t\t\t\t\t\t\t\t<a class=\"elementor-button elementor-button-link elementor-size-sm elementor-animation-grow\" href=\"https:\/\/defensoriarionegro.gov.ar\/drn\/tematicas\/acceso-a-la-informacion-y-proteccion-de-datos-personales\/\">\n\t\t\t\t\t\t<span class=\"elementor-button-content-wrapper\">\n\t\t\t\t\t\t\t\t\t<span class=\"elementor-button-text\">Acceso a la informaci\u00f3n y protecci\u00f3n de datos personales<\/span>\n\t\t\t\t\t<\/span>\n\t\t\t\t\t<\/a>\n\t\t\t\t\t\t\t\t<\/div>\n\t\t\t\t<\/div>\n\t\t<div class=\"elementor-element elementor-element-cfb5973 e-con-full e-flex e-con e-child\" data-id=\"cfb5973\" data-element_type=\"container\" data-e-type=\"container\">\n\t\t\t\t<div class=\"elementor-element elementor-element-3a88d1d7 elementor-button-info elementor-align-justify elementor-widget elementor-widget-button\" data-id=\"3a88d1d7\" data-element_type=\"widget\" data-e-type=\"widget\" data-widget_type=\"button.default\">\n\t\t\t\t\t\t\t\t\t\t<a class=\"elementor-button elementor-button-link elementor-size-sm elementor-animation-grow\" href=\"https:\/\/defensoriarionegro.gov.ar\/drn\/tematicas\/personas-mayores\/\">\n\t\t\t\t\t\t<span class=\"elementor-button-content-wrapper\">\n\t\t\t\t\t\t\t\t\t<span class=\"elementor-button-text\">Personas mayores<\/span>\n\t\t\t\t\t<\/span>\n\t\t\t\t\t<\/a>\n\t\t\t\t\t\t\t\t<\/div>\n\t\t\t\t<div class=\"elementor-element elementor-element-1927822e elementor-button-info elementor-align-justify elementor-widget elementor-widget-button\" data-id=\"1927822e\" data-element_type=\"widget\" data-e-type=\"widget\" data-widget_type=\"button.default\">\n\t\t\t\t\t\t\t\t\t\t<a class=\"elementor-button elementor-button-link elementor-size-sm elementor-animation-grow\" href=\"https:\/\/defensoriarionegro.gov.ar\/drn\/tematicas\/genero\/\">\n\t\t\t\t\t\t<span class=\"elementor-button-content-wrapper\">\n\t\t\t\t\t\t\t\t\t<span class=\"elementor-button-text\">G\u00e9nero<\/span>\n\t\t\t\t\t<\/span>\n\t\t\t\t\t<\/a>\n\t\t\t\t\t\t\t\t<\/div>\n\t\t\t\t<div class=\"elementor-element elementor-element-64bd7aa2 elementor-button-info elementor-align-justify elementor-widget elementor-widget-button\" data-id=\"64bd7aa2\" data-element_type=\"widget\" data-e-type=\"widget\" data-widget_type=\"button.default\">\n\t\t\t\t\t\t\t\t\t\t<a class=\"elementor-button elementor-button-link elementor-size-sm elementor-animation-grow\" href=\"https:\/\/defensoriarionegro.gov.ar\/drn\/tematicas\/educacion\/\">\n\t\t\t\t\t\t<span class=\"elementor-button-content-wrapper\">\n\t\t\t\t\t\t\t\t\t<span class=\"elementor-button-text\">Educaci\u00f3n<\/span>\n\t\t\t\t\t<\/span>\n\t\t\t\t\t<\/a>\n\t\t\t\t\t\t\t\t<\/div>\n\t\t\t\t<div class=\"elementor-element elementor-element-3689452 elementor-button-info elementor-align-justify elementor-widget elementor-widget-button\" data-id=\"3689452\" data-element_type=\"widget\" data-e-type=\"widget\" data-widget_type=\"button.default\">\n\t\t\t\t\t\t\t\t\t\t<a class=\"elementor-button elementor-button-link elementor-size-sm elementor-animation-grow\" href=\"https:\/\/defensoriarionegro.gov.ar\/drn\/tematicas\/tierra-y-vivienda\/\">\n\t\t\t\t\t\t<span class=\"elementor-button-content-wrapper\">\n\t\t\t\t\t\t\t\t\t<span class=\"elementor-button-text\">Tierra y vivienda<\/span>\n\t\t\t\t\t<\/span>\n\t\t\t\t\t<\/a>\n\t\t\t\t\t\t\t\t<\/div>\n\t\t\t\t<div class=\"elementor-element elementor-element-21dfba8a elementor-button-info elementor-align-justify elementor-widget elementor-widget-button\" data-id=\"21dfba8a\" data-element_type=\"widget\" data-e-type=\"widget\" data-widget_type=\"button.default\">\n\t\t\t\t\t\t\t\t\t\t<a class=\"elementor-button elementor-button-link elementor-size-sm elementor-animation-grow\" href=\"https:\/\/defensoriarionegro.gov.ar\/drn\/tematicas\/usuarios-y-consumidores\/\">\n\t\t\t\t\t\t<span class=\"elementor-button-content-wrapper\">\n\t\t\t\t\t\t\t\t\t<span class=\"elementor-button-text\">Usuarios y consumidores<\/span>\n\t\t\t\t\t<\/span>\n\t\t\t\t\t<\/a>\n\t\t\t\t\t\t\t\t<\/div>\n\t\t\t\t<div class=\"elementor-element elementor-element-25684367 elementor-button-info elementor-align-justify elementor-widget elementor-widget-button\" data-id=\"25684367\" data-element_type=\"widget\" data-e-type=\"widget\" data-widget_type=\"button.default\">\n\t\t\t\t\t\t\t\t\t\t<a class=\"elementor-button elementor-button-link elementor-size-sm elementor-animation-grow\" href=\"https:\/\/defensoriarionegro.gov.ar\/drn\/tematicas\/ambiente-y-desarrollo-sostenible\/\">\n\t\t\t\t\t\t<span class=\"elementor-button-content-wrapper\">\n\t\t\t\t\t\t\t\t\t<span class=\"elementor-button-text\">Ambiente y Desarrollo Sostenible<\/span>\n\t\t\t\t\t<\/span>\n\t\t\t\t\t<\/a>\n\t\t\t\t\t\t\t\t<\/div>\n\t\t\t\t<\/div>\n\t\t<div class=\"elementor-element elementor-element-fa1f636 e-con-full e-flex e-con e-child\" data-id=\"fa1f636\" data-element_type=\"container\" data-e-type=\"container\">\n\t\t\t\t<div class=\"elementor-element elementor-element-105d434a elementor-button-info elementor-align-justify elementor-widget elementor-widget-button\" data-id=\"105d434a\" data-element_type=\"widget\" data-e-type=\"widget\" data-widget_type=\"button.default\">\n\t\t\t\t\t\t\t\t\t\t<a class=\"elementor-button elementor-button-link elementor-size-sm elementor-animation-grow\" href=\"https:\/\/defensoriarionegro.gov.ar\/drn\/tematicas\/salud-mental-y-consumos-problematicos\/\">\n\t\t\t\t\t\t<span class=\"elementor-button-content-wrapper\">\n\t\t\t\t\t\t\t\t\t<span class=\"elementor-button-text\">Salud mental y consumos problem\u00e1ticos<\/span>\n\t\t\t\t\t<\/span>\n\t\t\t\t\t<\/a>\n\t\t\t\t\t\t\t\t<\/div>\n\t\t\t\t<div class=\"elementor-element elementor-element-1f594389 elementor-button-info elementor-align-justify elementor-widget elementor-widget-button\" data-id=\"1f594389\" data-element_type=\"widget\" data-e-type=\"widget\" data-widget_type=\"button.default\">\n\t\t\t\t\t\t\t\t\t\t<a class=\"elementor-button elementor-button-link elementor-size-sm elementor-animation-grow\" href=\"https:\/\/defensoriarionegro.gov.ar\/drn\/tematicas\/discapacidad\/\">\n\t\t\t\t\t\t<span class=\"elementor-button-content-wrapper\">\n\t\t\t\t\t\t\t\t\t<span class=\"elementor-button-text\">Discapacidad<\/span>\n\t\t\t\t\t<\/span>\n\t\t\t\t\t<\/a>\n\t\t\t\t\t\t\t\t<\/div>\n\t\t\t\t<div class=\"elementor-element elementor-element-7d8bddbe elementor-button-info elementor-align-justify elementor-widget elementor-widget-button\" data-id=\"7d8bddbe\" data-element_type=\"widget\" data-e-type=\"widget\" data-widget_type=\"button.default\">\n\t\t\t\t\t\t\t\t\t\t<a class=\"elementor-button elementor-button-link elementor-size-sm elementor-animation-grow\" href=\"https:\/\/defensoriarionegro.gov.ar\/drn\/tematicas\/personas-privadas-de-la-libertad\/\">\n\t\t\t\t\t\t<span class=\"elementor-button-content-wrapper\">\n\t\t\t\t\t\t\t\t\t<span class=\"elementor-button-text\">Personas privadas de la libertad<\/span>\n\t\t\t\t\t<\/span>\n\t\t\t\t\t<\/a>\n\t\t\t\t\t\t\t\t<\/div>\n\t\t\t\t<div class=\"elementor-element elementor-element-4cadf73a elementor-button-info elementor-align-justify elementor-widget elementor-widget-button\" data-id=\"4cadf73a\" data-element_type=\"widget\" data-e-type=\"widget\" data-widget_type=\"button.default\">\n\t\t\t\t\t\t\t\t\t\t<a class=\"elementor-button elementor-button-link elementor-size-sm elementor-animation-grow\" href=\"https:\/\/defensoriarionegro.gov.ar\/drn\/tematicas\/policia-seguridad\/\">\n\t\t\t\t\t\t<span class=\"elementor-button-content-wrapper\">\n\t\t\t\t\t\t\t\t\t<span class=\"elementor-button-text\">Polic\u00eda \/ Seguridad<\/span>\n\t\t\t\t\t<\/span>\n\t\t\t\t\t<\/a>\n\t\t\t\t\t\t\t\t<\/div>\n\t\t\t\t<div class=\"elementor-element elementor-element-2e2386bc elementor-button-info elementor-align-justify elementor-widget elementor-widget-button\" data-id=\"2e2386bc\" data-element_type=\"widget\" data-e-type=\"widget\" data-widget_type=\"button.default\">\n\t\t\t\t\t\t\t\t\t\t<a class=\"elementor-button elementor-button-link elementor-size-sm elementor-animation-grow\" href=\"https:\/\/defensoriarionegro.gov.ar\/drn\/tematicas\/derechos-politicos-y-civiles\/\">\n\t\t\t\t\t\t<span class=\"elementor-button-content-wrapper\">\n\t\t\t\t\t\t\t\t\t<span class=\"elementor-button-text\">Derechos pol\u00edticos y civiles<\/span>\n\t\t\t\t\t<\/span>\n\t\t\t\t\t<\/a>\n\t\t\t\t\t\t\t\t<\/div>\n\t\t\t\t<div class=\"elementor-element elementor-element-3132ac42 elementor-button-info elementor-align-justify elementor-widget elementor-widget-button\" data-id=\"3132ac42\" data-element_type=\"widget\" data-e-type=\"widget\" data-widget_type=\"button.default\">\n\t\t\t\t\t\t\t\t\t\t<a class=\"elementor-button elementor-button-link elementor-size-sm elementor-animation-grow\" href=\"https:\/\/defensoriarionegro.gov.ar\/drn\/tematicas\/economia-y-produccion\/\">\n\t\t\t\t\t\t<span class=\"elementor-button-content-wrapper\">\n\t\t\t\t\t\t\t\t\t<span class=\"elementor-button-text\">Econom\u00eda y producci\u00f3n<\/span>\n\t\t\t\t\t<\/span>\n\t\t\t\t\t<\/a>\n\t\t\t\t\t\t\t\t<\/div>\n\t\t\t\t<\/div>\n\t\t\t\t\t<\/div>\n\t\t\t\t<\/div>\n\t\t\t\t<\/div>\n\t\t\t\t<\/div>\n\t\t\t\t\t\t<\/div>\n\t\t\t\t<\/div>\n\t\t\t\t\t<\/div>\n\t\t\t\t<\/div>\n\t\t<div class=\"elementor-element elementor-element-4349bdc e-flex e-con-boxed elementor-invisible e-con e-parent\" data-id=\"4349bdc\" data-element_type=\"container\" data-e-type=\"container\" data-settings=\"{&quot;animation&quot;:&quot;fadeIn&quot;}\">\n\t\t\t\t\t<div class=\"e-con-inner\">\n\t\t\t\t<div class=\"elementor-element elementor-element-939c74e elementor-widget elementor-widget-heading\" data-id=\"939c74e\" data-element_type=\"widget\" data-e-type=\"widget\" data-widget_type=\"heading.default\">\n\t\t\t\t\t<h2 class=\"elementor-heading-title elementor-size-default\">Comunicaci\u00f3n<\/h2>\t\t\t\t<\/div>\n\t\t\t\t<div class=\"elementor-element elementor-element-2d0bb94 elementor-widget elementor-widget-heading\" data-id=\"2d0bb94\" data-element_type=\"widget\" data-e-type=\"widget\" data-widget_type=\"heading.default\">\n\t\t\t\t\t<h1 class=\"elementor-heading-title elementor-size-default\">Informaci\u00f3n reciente<\/h1>\t\t\t\t<\/div>\n\t\t\t\t\t<\/div>\n\t\t\t\t<\/div>\n\t\t<div class=\"elementor-element elementor-element-6d087d7 e-flex e-con-boxed elementor-invisible e-con e-parent\" data-id=\"6d087d7\" data-element_type=\"container\" data-e-type=\"container\" data-settings=\"{&quot;animation&quot;:&quot;fadeInUp&quot;}\">\n\t\t\t\t\t<div class=\"e-con-inner\">\n\t\t\t\t<div class=\"elementor-element elementor-element-edc63a7 elementor-grid-tablet-3 elementor-grid-3 elementor-grid-mobile-1 elementor-posts--thumbnail-top elementor-card-shadow-yes elementor-posts__hover-gradient elementor-widget elementor-widget-posts\" data-id=\"edc63a7\" data-element_type=\"widget\" data-e-type=\"widget\" data-settings=\"{&quot;cards_row_gap&quot;:{&quot;unit&quot;:&quot;px&quot;,&quot;size&quot;:32,&quot;sizes&quot;:[]},&quot;cards_row_gap_tablet&quot;:{&quot;unit&quot;:&quot;px&quot;,&quot;size&quot;:0,&quot;sizes&quot;:[]},&quot;cards_columns_tablet&quot;:&quot;3&quot;,&quot;cards_row_gap_mobile&quot;:{&quot;unit&quot;:&quot;px&quot;,&quot;size&quot;:22,&quot;sizes&quot;:[]},&quot;cards_columns&quot;:&quot;3&quot;,&quot;cards_columns_mobile&quot;:&quot;1&quot;}\" data-widget_type=\"posts.cards\">\n\t\t\t\t<div class=\"elementor-widget-container\">\n\t\t\t\t\t\t\t<div class=\"elementor-posts-container elementor-posts elementor-posts--skin-cards elementor-grid\" role=\"list\">\n\t\t\t\t<article class=\"elementor-post elementor-grid-item post-13400 post type-post status-publish format-standard has-post-thumbnail hentry category-sin-categoria\" role=\"listitem\">\n\t\t\t<div class=\"elementor-post__card\">\n\t\t\t\t<a class=\"elementor-post__thumbnail__link\" href=\"https:\/\/defensoriarionegro.gov.ar\/drn\/la-secretaria-ejecutiva-del-organo-de-salud-mental-adhiere-a-la-declaracion-de-las-autoridades-en-la-materia-a-nivel-nacional-y-reafirma-el-compromiso-de-trabajo-federal-frente-a-la-creciente-demanda\/\" tabindex=\"-1\" ><div class=\"elementor-post__thumbnail\"><img fetchpriority=\"high\" decoding=\"async\" width=\"293\" height=\"172\" src=\"https:\/\/defensoriarionegro.gov.ar\/drn\/wp-content\/uploads\/2020\/07\/salud-mental.jpg\" class=\"attachment-medium size-medium wp-image-5115\" alt=\"Salud Mental\" \/><\/div><\/a>\n\t\t\t\t<div class=\"elementor-post__badge\">Sin categor\u00eda<\/div>\n\t\t\t\t<div class=\"elementor-post__text\">\n\t\t\t\t<h3 class=\"elementor-post__title\">\n\t\t\t<a href=\"https:\/\/defensoriarionegro.gov.ar\/drn\/la-secretaria-ejecutiva-del-organo-de-salud-mental-adhiere-a-la-declaracion-de-las-autoridades-en-la-materia-a-nivel-nacional-y-reafirma-el-compromiso-de-trabajo-federal-frente-a-la-creciente-demanda\/\" >\n\t\t\t\tLa Secretar\u00eda Ejecutiva del \u00d3rgano de Salud Mental adhiere a la declaraci\u00f3n de las autoridades en la materia a nivel nacional y reafirma el compromiso de trabajo federal frente a la creciente demanda y complejidad de las problem\u00e1ticas en el \u00e1rea.\t\t\t<\/a>\n\t\t<\/h3>\n\t\t\t\t\t<div class=\"elementor-post__read-more-wrapper\">\n\t\t\n\t\t<a class=\"elementor-post__read-more\" href=\"https:\/\/defensoriarionegro.gov.ar\/drn\/la-secretaria-ejecutiva-del-organo-de-salud-mental-adhiere-a-la-declaracion-de-las-autoridades-en-la-materia-a-nivel-nacional-y-reafirma-el-compromiso-de-trabajo-federal-frente-a-la-creciente-demanda\/\" aria-label=\"Read more about La Secretar\u00eda Ejecutiva del \u00d3rgano de Salud Mental adhiere a la declaraci\u00f3n de las autoridades en la materia a nivel nacional y reafirma el compromiso de trabajo federal frente a la creciente demanda y complejidad de las problem\u00e1ticas en el \u00e1rea.\" tabindex=\"-1\" >\n\t\t\tLEER LA NOTA\t\t<\/a>\n\n\t\t\t\t\t<\/div>\n\t\t\t\t<\/div>\n\t\t\t\t<div class=\"elementor-post__meta-data\">\n\t\t\t\t\t<span class=\"elementor-post-date\">\n\t\t\t21 de abril de 2026\t\t<\/span>\n\t\t\t\t<\/div>\n\t\t\t\t\t<\/div>\n\t\t<\/article>\n\t\t\t\t<article class=\"elementor-post elementor-grid-item post-13393 post type-post status-publish format-standard has-post-thumbnail hentry category-sin-categoria\" role=\"listitem\">\n\t\t\t<div class=\"elementor-post__card\">\n\t\t\t\t<a class=\"elementor-post__thumbnail__link\" href=\"https:\/\/defensoriarionegro.gov.ar\/drn\/preocupacion-de-adpra-ante-la-grave-situacion-que-atraviesa-el-pami\/\" tabindex=\"-1\" ><div class=\"elementor-post__thumbnail\"><img decoding=\"async\" width=\"300\" height=\"150\" src=\"https:\/\/defensoriarionegro.gov.ar\/drn\/wp-content\/uploads\/2026\/04\/ADPRA-PAMI-300x150.png\" class=\"attachment-medium size-medium wp-image-13395\" alt=\"Imagen que contiene la nota de APRA\" srcset=\"https:\/\/defensoriarionegro.gov.ar\/drn\/wp-content\/uploads\/2026\/04\/ADPRA-PAMI-300x150.png 300w, https:\/\/defensoriarionegro.gov.ar\/drn\/wp-content\/uploads\/2026\/04\/ADPRA-PAMI-1024x512.png 1024w, https:\/\/defensoriarionegro.gov.ar\/drn\/wp-content\/uploads\/2026\/04\/ADPRA-PAMI-768x384.png 768w, https:\/\/defensoriarionegro.gov.ar\/drn\/wp-content\/uploads\/2026\/04\/ADPRA-PAMI.png 1200w\" sizes=\"(max-width: 300px) 100vw, 300px\" \/><\/div><\/a>\n\t\t\t\t<div class=\"elementor-post__badge\">Sin categor\u00eda<\/div>\n\t\t\t\t<div class=\"elementor-post__text\">\n\t\t\t\t<h3 class=\"elementor-post__title\">\n\t\t\t<a href=\"https:\/\/defensoriarionegro.gov.ar\/drn\/preocupacion-de-adpra-ante-la-grave-situacion-que-atraviesa-el-pami\/\" >\n\t\t\t\tPreocupaci\u00f3n de ADPRA ante la grave situaci\u00f3n que atraviesa el Pami.\t\t\t<\/a>\n\t\t<\/h3>\n\t\t\t\t\t<div class=\"elementor-post__read-more-wrapper\">\n\t\t\n\t\t<a class=\"elementor-post__read-more\" href=\"https:\/\/defensoriarionegro.gov.ar\/drn\/preocupacion-de-adpra-ante-la-grave-situacion-que-atraviesa-el-pami\/\" aria-label=\"Read more about Preocupaci\u00f3n de ADPRA ante la grave situaci\u00f3n que atraviesa el Pami.\" tabindex=\"-1\" >\n\t\t\tLEER LA NOTA\t\t<\/a>\n\n\t\t\t\t\t<\/div>\n\t\t\t\t<\/div>\n\t\t\t\t<div class=\"elementor-post__meta-data\">\n\t\t\t\t\t<span class=\"elementor-post-date\">\n\t\t\t17 de abril de 2026\t\t<\/span>\n\t\t\t\t<\/div>\n\t\t\t\t\t<\/div>\n\t\t<\/article>\n\t\t\t\t<article class=\"elementor-post elementor-grid-item post-13378 post type-post status-publish format-standard has-post-thumbnail hentry category-sin-categoria\" role=\"listitem\">\n\t\t\t<div class=\"elementor-post__card\">\n\t\t\t\t<a class=\"elementor-post__thumbnail__link\" href=\"https:\/\/defensoriarionegro.gov.ar\/drn\/la-defensoria-del-pueblo-fortalece-su-presencia-territorial-en-toda-la-provincia\/\" tabindex=\"-1\" ><div class=\"elementor-post__thumbnail\"><img decoding=\"async\" width=\"300\" height=\"150\" src=\"https:\/\/defensoriarionegro.gov.ar\/drn\/wp-content\/uploads\/2026\/04\/sitio-2-300x150.png\" class=\"attachment-medium size-medium wp-image-13381\" alt=\"La imagen muestra diferentes lugares de la provincia donde los asesores est\u00e1n atendiendo reclamos\" srcset=\"https:\/\/defensoriarionegro.gov.ar\/drn\/wp-content\/uploads\/2026\/04\/sitio-2-300x150.png 300w, https:\/\/defensoriarionegro.gov.ar\/drn\/wp-content\/uploads\/2026\/04\/sitio-2-1024x512.png 1024w, https:\/\/defensoriarionegro.gov.ar\/drn\/wp-content\/uploads\/2026\/04\/sitio-2-768x384.png 768w, https:\/\/defensoriarionegro.gov.ar\/drn\/wp-content\/uploads\/2026\/04\/sitio-2.png 1200w\" sizes=\"(max-width: 300px) 100vw, 300px\" \/><\/div><\/a>\n\t\t\t\t<div class=\"elementor-post__badge\">Sin categor\u00eda<\/div>\n\t\t\t\t<div class=\"elementor-post__text\">\n\t\t\t\t<h3 class=\"elementor-post__title\">\n\t\t\t<a href=\"https:\/\/defensoriarionegro.gov.ar\/drn\/la-defensoria-del-pueblo-fortalece-su-presencia-territorial-en-toda-la-provincia\/\" >\n\t\t\t\tLa Defensor\u00eda del Pueblo fortalece su presencia territorial en toda la provincia.\t\t\t<\/a>\n\t\t<\/h3>\n\t\t\t\t\t<div class=\"elementor-post__read-more-wrapper\">\n\t\t\n\t\t<a class=\"elementor-post__read-more\" href=\"https:\/\/defensoriarionegro.gov.ar\/drn\/la-defensoria-del-pueblo-fortalece-su-presencia-territorial-en-toda-la-provincia\/\" aria-label=\"Read more about La Defensor\u00eda del Pueblo fortalece su presencia territorial en toda la provincia.\" tabindex=\"-1\" >\n\t\t\tLEER LA NOTA\t\t<\/a>\n\n\t\t\t\t\t<\/div>\n\t\t\t\t<\/div>\n\t\t\t\t<div class=\"elementor-post__meta-data\">\n\t\t\t\t\t<span class=\"elementor-post-date\">\n\t\t\t15 de abril de 2026\t\t<\/span>\n\t\t\t\t<\/div>\n\t\t\t\t\t<\/div>\n\t\t<\/article>\n\t\t\t\t<\/div>\n\t\t\n\t\t\t\t\t\t<\/div>\n\t\t\t\t<\/div>\n\t\t\t\t<div class=\"elementor-element elementor-element-26712ab elementor-align-justify elementor-widget__width-inherit elementor-widget elementor-widget-button\" data-id=\"26712ab\" data-element_type=\"widget\" data-e-type=\"widget\" data-widget_type=\"button.default\">\n\t\t\t\t\t\t\t\t\t\t<a class=\"elementor-button elementor-button-link elementor-size-sm\" href=\"https:\/\/defensoriarionegro.gov.ar\/drn\/category\/noticias\/\">\n\t\t\t\t\t\t<span class=\"elementor-button-content-wrapper\">\n\t\t\t\t\t\t\t\t\t<span class=\"elementor-button-text\">Ver m\u00e1s noticias<\/span>\n\t\t\t\t\t<\/span>\n\t\t\t\t\t<\/a>\n\t\t\t\t\t\t\t\t<\/div>\n\t\t\t\t\t<\/div>\n\t\t\t\t<\/div>\n\t\t\t\t<\/div>\n\t\t","protected":false},"excerpt":{"rendered":"<p>Search \u00bfQuer\u00e9s hacer un reclamo o consulta? Ingres\u00e1 aqu\u00ed \u00bfC\u00f3mo hacer un reclamo? \u00c1reas tem\u00e1ticas orsm-b \u00d3rgano de Revisi\u00f3n de Salud Mental Centro de Mediaci\u00f3n<\/p>\n","protected":false},"author":2,"featured_media":0,"parent":0,"menu_order":0,"comment_status":"closed","ping_status":"closed","template":"","meta":{"footnotes":""},"class_list":["post-11","page","type-page","status-publish","hentry"],"jetpack_sharing_enabled":true,"_links":{"self":[{"href":"https:\/\/defensoriarionegro.gov.ar\/drn\/wp-json\/wp\/v2\/pages\/11","targetHints":{"allow":["GET"]}}],"collection":[{"href":"https:\/\/defensoriarionegro.gov.ar\/drn\/wp-json\/wp\/v2\/pages"}],"about":[{"href":"https:\/\/defensoriarionegro.gov.ar\/drn\/wp-json\/wp\/v2\/types\/page"}],"author":[{"embeddable":true,"href":"https:\/\/defensoriarionegro.gov.ar\/drn\/wp-json\/wp\/v2\/users\/2"}],"replies":[{"embeddable":true,"href":"https:\/\/defensoriarionegro.gov.ar\/drn\/wp-json\/wp\/v2\/comments?post=11"}],"version-history":[{"count":371,"href":"https:\/\/defensoriarionegro.gov.ar\/drn\/wp-json\/wp\/v2\/pages\/11\/revisions"}],"predecessor-version":[{"id":13106,"href":"https:\/\/defensoriarionegro.gov.ar\/drn\/wp-json\/wp\/v2\/pages\/11\/revisions\/13106"}],"wp:attachment":[{"href":"https:\/\/defensoriarionegro.gov.ar\/drn\/wp-json\/wp\/v2\/media?parent=11"}],"curies":[{"name":"wp","href":"https:\/\/api.w.org\/{rel}","templated":true}]}}